{"id":146578,"date":"2022-03-09T15:27:25","date_gmt":"2022-03-09T18:27:25","guid":{"rendered":"https:\/\/www.livrariarema.com.br\/loja\/produtos\/sem categoria\/na085bea-biblia-de-estudo-almeida-edicao-ampliada-azul\/"},"modified":"2025-12-08T13:00:49","modified_gmt":"2025-12-08T16:00:49","slug":"na085bea-biblia-de-estudo-almeida-edicao-ampliada-azul","status":"publish","type":"product","link":"https:\/\/www.livrariarema.com.br\/loja\/produtos\/biblias\/estudo\/na085bea-biblia-de-estudo-almeida-edicao-ampliada-azul\/","title":{"rendered":"Na085bea &#8211; B\u00edblia De Estudo Almeida &#8211; Edi\u00e7\u00e3o Ampliada &#8211; Azul"},"content":{"rendered":"<p>Na d\u00e9cada de 1990, a SBB lan\u00e7ou a primeira edi\u00e7\u00e3o da B\u00edblia de Estudo Almeida, com o texto de Almeida na vers\u00e3o Revista e Atualizada (ARA). A edi\u00e7\u00e3o foi muito bem acolhida no Brasil e em outros pa\u00edses de fala portuguesa. Com o lan\u00e7amento da presente edi\u00e7\u00e3o, al\u00e9m de um novo texto b\u00edblico &#8211; o da Nova Almeida Atualizada (NAA), o leitor tamb\u00e9m ganha um conjunto ampliado de notas. Em rela\u00e7\u00e3o \u00e0 edi\u00e7\u00e3o anterior, s\u00e3o cerca de 30% a mais de notas (quase 23 mil ao todo), entre as quais figuram, pela primeira vez, mais de 100 notas escritas pelo pr\u00f3prio tradutor Jo\u00e3o Ferreira de Almeida no s\u00e9culo 17. Esta nova edi\u00e7\u00e3o da B\u00edblia de Estudo Almeida continua pautada pela isen\u00e7\u00e3o doutrin\u00e1ria, de modo a servir aos leitores de todas as denomina\u00e7\u00f5es crist\u00e3s. Seu grande n\u00famero de recursos possibilita aos leitores uma melhor compreens\u00e3o do texto b\u00edblico e seu contexto hist\u00f3rico-cultural e lingu\u00edstico, social, pol\u00edtico e religioso. Dessa forma, esta nova edi\u00e7\u00e3o torna-se ainda mais relevante para leitura, estudo e medita\u00e7\u00e3o das Sagradas Escrituras.<\/p>\n<p>Recursos:<br \/>\n&#8211; Concord\u00e2ncia b\u00edblica<br \/>\n&#8211; Concord\u00e2ncia tem\u00e1tica<br \/>\n&#8211; Cronologia b\u00edblica<br \/>\n&#8211; Impress\u00e3o em duas cores<br \/>\n&#8211; Introdu\u00e7\u00e3o a cada um dos livros b\u00edblicos<\/p>\n","protected":false},"excerpt":{"rendered":"<p>Na d\u00e9cada de 1990, a SBB lan\u00e7ou a primeira edi\u00e7\u00e3o da B\u00edblia de Estudo Almeida, com o texto de Almeida&hellip;<\/p>\n","protected":false},"featured_media":342183,"comment_status":"open","ping_status":"closed","template":"","meta":[],"product_cat":[139,140],"product_tag":[],"_links":{"self":[{"href":"https:\/\/www.livrariarema.com.br\/loja\/wp-json\/wp\/v2\/product\/146578"}],"collection":[{"href":"https:\/\/www.livrariarema.com.br\/loja\/wp-json\/wp\/v2\/product"}],"about":[{"href":"https:\/\/www.livrariarema.com.br\/loja\/wp-json\/wp\/v2\/types\/product"}],"replies":[{"embeddable":true,"href":"https:\/\/www.livrariarema.com.br\/loja\/wp-json\/wp\/v2\/comments?post=146578"}],"wp:featuredmedia":[{"embeddable":true,"href":"https:\/\/www.livrariarema.com.br\/loja\/wp-json\/wp\/v2\/media\/342183"}],"wp:attachment":[{"href":"https:\/\/www.livrariarema.com.br\/loja\/wp-json\/wp\/v2\/media?parent=146578"}],"wp:term":[{"taxonomy":"product_cat","embeddable":true,"href":"https:\/\/www.livrariarema.com.br\/loja\/wp-json\/wp\/v2\/product_cat?post=146578"},{"taxonomy":"product_tag","embeddable":true,"href":"https:\/\/www.livrariarema.com.br\/loja\/wp-json\/wp\/v2\/product_tag?post=146578"}],"curies":[{"name":"wp","href":"https:\/\/api.w.org\/{rel}","templated":true}]}}