{"id":250077,"date":"2023-08-26T11:07:31","date_gmt":"2023-08-26T14:07:31","guid":{"rendered":"https:\/\/www.livrariarema.com.br\/loja\/produtos\/sem%20categoria\/comentario-esperanca-nt-carta-de-tiago-pedro-joao-e-judas-fritz-grunzweiguwe-holmer-werner\/"},"modified":"2025-01-27T10:25:09","modified_gmt":"2025-01-27T13:25:09","slug":"comentario-esperanca-nt-carta-de-tiago-pedro-joao-e-judas-fritz-grunzweiguwe-holmer-werner","status":"publish","type":"product","link":"https:\/\/www.livrariarema.com.br\/loja\/produtos\/livros\/comentario-biblico\/comentario-esperanca-nt-carta-de-tiago-pedro-joao-e-judas-fritz-grunzweiguwe-holmer-werner\/","title":{"rendered":"Coment\u00e1rio Esperan\u00e7a &#8211; Nt &#8211; Carta De Tiago, Pedro, Jo\u00e3o E Judas &#8211; Fritz Gr\u00fcnzweig,Uwe Holmer, Werner"},"content":{"rendered":"<p>Coment\u00e1rio Esperan\u00e7a do Novo Testamento &#8211; Cartas de Tiago, Pedro, Jo\u00e3o e Judas &#8211; traduzido do idioma alem\u00e3o: Wuppertaler Studienbibel NT.<\/p>\n<p>Fritz Gr\u00fcnzweig comentou a Carta de Tiago mostrando a resposta humana operosa e obediente ao agir salv\u00edfico de Deus na hist\u00f3ria, contra uma vis\u00e3o injusta do seu perd\u00e3o e da f\u00e9 como algo meramente moral. Tiago 5.8 nos lembra que a &#8220;vinda do Senhor est\u00e1 pr\u00f3xima&#8221;, refor\u00e7ando a import\u00e2ncia e atualidade desta mensagem b\u00edblica para a igreja hoje.<br \/>\nPr. Uwe Holmer comentou a 1\u00aa Carta de Pedro, defendendo a autoria do Ap\u00f3stolo que fala a toda igreja para resistir \u00e0s amea\u00e7as, rogando a Deus que tenham for\u00e7as para permanecerem fi\u00e9is. A Carta tamb\u00e9m traz orienta\u00e7\u00f5es para a vida dom\u00e9stica, ajudando a todos se inserirem corretamente na igreja.<br \/>\nDr. Werner de Boor comentou a 2\u00aa Carta de Pedro, a 1\u00aa, 2\u00aa e 3\u00aa Carta de Jo\u00e3o e tamb\u00e9m a Carta de Judas. Num coment\u00e1rio conjunto, vers\u00edculo a vers\u00edculo, da 2\u00aa Carta de Pedro e Judas, Dr. Werner destaca a import\u00e2ncia da volta de Cristo e, em Judas, dos crentes serem guardados no amor de Deus. Em seu coment\u00e1rio \u00e0s Cartas de Jo\u00e3o, ele destaca o tema da vida, como est\u00e1 escrito: &#8220;quem tem o Filho, tem a vida&#8221;, a partir dos peculiares estilo e linguagem do &#8220;Ap\u00f3stolo do amor&#8221;. Falando com singeleza e clareza, reapresentando os temas centrais para a vida da igreja. O autor comenta as aparentes contradi\u00e7\u00f5es do texto (como em 1Jo 1.8 em rela\u00e7\u00e3o a 1Jo 3.6 e 9) e mostra as liga\u00e7\u00f5es das Cartas com os demais escritos do Novo Testamento.<\/p>\n<p>Fritz Gr\u00fcnzweig (1914-1989), nasceu em Bissingen\/Tek, nos Alpes Su\u00e1bios e faleceu em Korntal (Alemanha). Ap\u00f3s a 2\u00aa guerra cursou teologia, cooperou com a ACM (Associa\u00e7\u00e3o Crist\u00e3 de Jovens) e com a R\u00e1dio TransMundial. Foi pastor da Igreja de W\u00fcrttemberg e da Igreja Evang\u00e9lica dos Irm\u00e3os, em Korntal. Foi diretor da Uni\u00e3o Ludwig-Hofacker e membro da &#8220;Licht im Ostem&#8221; (Luz no Oriente). Atuou como conselheiro e foi autor de v\u00e1rios livros e coment\u00e1rios b\u00edblicos.<\/p>\n<p>Uwe Holmer, nascido em 1929, em Wismar (Alemanha) \u00e9 te\u00f3logo, pastor e autor de v\u00e1rios livros. Atuou como pastor na regi\u00e3o rural de Leussow (Mecklenburg), dirigiu a Escola B\u00edblica de Falkenberg, foi diretor e fundador de institui\u00e7\u00f5es Hoffnungstaler Lobetal (centros de cuidados especiais nas \u00e1reas de neurologia, psiquiatria e Epileptologia) e dirigiu o Centro diaconal em Krakow\/Serrahn.<\/p>\n<p>Dr. Werner de Boor (1899-1976), nascido em Breslau (Alemanha), estudou em v\u00e1rias universidades alem\u00e3s e fez o seu doutorado em teologia na Universidade de Marburg, no ano de 1928. Em seguida trabalhou no minist\u00e9rio pastoral em v\u00e1rias comunidades evang\u00e9licas. Mais tarde ele se dedicou em especial ao minist\u00e9rio de evangeliza\u00e7\u00e3o no estado de Mecklenburg (antiga Alemanha Oriental). Em 1957, iniciou seu minist\u00e9rio como autor com os coment\u00e1rios b\u00edblicos e a partir do ano de 1962 foi convidado a ser co-diretor da s\u00e9rie Wuppertaler Studienbibel NT, que ele liderou juntamente com Adolf Pohl.<\/p>\n<p>&#8220;Os coment\u00e1rios Esperan\u00e7a s\u00e3o uma ferramenta indispens\u00e1vel para quem estuda seriamente a B\u00edblia. Elaborados dentro da renomada tradi\u00e7\u00e3o da pesquisa teol\u00f3gica alem\u00e3, tendo como autores nomes de peso como Werner de Boor e Fritz Rienecker, a s\u00e9rie \u00e9 \u00fatil para o estudioso, o pregador e o pastor, principalmente, por praticar uma hermen\u00eautica de afirma\u00e7\u00e3o do texto b\u00edblico e de sua autoridade para a Igreja.&#8221;<br \/>\nLuiz Say\u00e3o &#8211; Professor, hebraista, escritor, tradutor da B\u00edblia e editor do programa &#8220;Rota 66&#8221; da RTM &#8211; R\u00e1dio TransMundial.<\/p>\n","protected":false},"excerpt":{"rendered":"<p>Coment\u00e1rio Esperan\u00e7a do Novo Testamento &#8211; Cartas de Tiago, Pedro, Jo\u00e3o e Judas &#8211; traduzido do idioma alem\u00e3o: Wuppertaler Studienbibel&hellip;<\/p>\n","protected":false},"featured_media":325462,"comment_status":"open","ping_status":"closed","template":"","meta":[],"product_cat":[164,134],"product_tag":[],"_links":{"self":[{"href":"https:\/\/www.livrariarema.com.br\/loja\/wp-json\/wp\/v2\/product\/250077"}],"collection":[{"href":"https:\/\/www.livrariarema.com.br\/loja\/wp-json\/wp\/v2\/product"}],"about":[{"href":"https:\/\/www.livrariarema.com.br\/loja\/wp-json\/wp\/v2\/types\/product"}],"replies":[{"embeddable":true,"href":"https:\/\/www.livrariarema.com.br\/loja\/wp-json\/wp\/v2\/comments?post=250077"}],"wp:featuredmedia":[{"embeddable":true,"href":"https:\/\/www.livrariarema.com.br\/loja\/wp-json\/wp\/v2\/media\/325462"}],"wp:attachment":[{"href":"https:\/\/www.livrariarema.com.br\/loja\/wp-json\/wp\/v2\/media?parent=250077"}],"wp:term":[{"taxonomy":"product_cat","embeddable":true,"href":"https:\/\/www.livrariarema.com.br\/loja\/wp-json\/wp\/v2\/product_cat?post=250077"},{"taxonomy":"product_tag","embeddable":true,"href":"https:\/\/www.livrariarema.com.br\/loja\/wp-json\/wp\/v2\/product_tag?post=250077"}],"curies":[{"name":"wp","href":"https:\/\/api.w.org\/{rel}","templated":true}]}}