{"id":51743,"date":"2021-01-21T16:38:45","date_gmt":"2021-01-21T19:38:45","guid":{"rendered":"https:\/\/www.livrariarema.com.br\/loja\/produtos\/sem%20categoria\/supremo-proposito-o-devern-f-fromke\/"},"modified":"2026-04-27T09:30:57","modified_gmt":"2026-04-27T12:30:57","slug":"supremo-proposito-o-devern-f-fromke","status":"publish","type":"product","link":"https:\/\/www.livrariarema.com.br\/loja\/produtos\/livros\/vida-crista\/supremo-proposito-o-devern-f-fromke\/","title":{"rendered":"S\u00e9rie A Vida Mais Abundante &#8211; O Supremo Prop\u00f3sito &#8211; Devern F. Fromke"},"content":{"rendered":"<p>No princ\u00edpio quando Deus criou a humanidade, quais eram os Seus prop\u00f3sitos e planos originais? Sabemos que quando Deus criou Ad\u00e3o, este recebeu vida natural, mas qual foi o plano de Deus para que Ad\u00e3o recebesse vida divina, n\u00e3o criada? Qual a diferen\u00e7a entre as obras de cria\u00e7\u00e3o e de filia\u00e7\u00e3o de Deus?<br \/>\n\u00c9 evidente que Deus tenha dado \u00e0 Cruz a posi\u00e7\u00e3o central em Sua obra de Reden\u00e7\u00e3o; mas qual \u00e9 a diferen\u00e7a entre a obra da cruz e o caminho da cruz?<br \/>\nUma vez que Deus, na plenitude dos tempos, colocar\u00e1 em evid\u00eancia Sua obra prima perante todo o universo, como podemos cooperar com Ele se n\u00e3o compreendemos Seu Supremo  Prop\u00f3sito?<br \/>\nEssas e muitas outras perguntas s\u00e3o abordadas aqui pelo autor com grande clareza e simplicidade. Milhares que consideram essas quest\u00f5es \u00e0 luz da palavra de Deus foram grandemente ajudados por este livro, n\u00e3o apenas nos aspectos pr\u00e1ticos da vida di\u00e1ria, mas muito al\u00e9m, naqueles que s\u00e3o centrais ao Supremo Prop\u00f3sito de Deus.<br \/>\nH\u00e1 chaves aqui que auxiliar\u00e3o o leitor a compreender um pouco mais sobre o gloriosos mist\u00e9rio que Deus propusera em Cristo,<br \/>\n&#8220;&#8230;de fazer convergir nele, na dispensa\u00e7\u00e3o da plenitude dos tempos, todas as coisas&#8230;&#8221; Ef 1:10a<\/p>\n","protected":false},"excerpt":{"rendered":"<p>No princ\u00edpio quando Deus criou a humanidade, quais eram os Seus prop\u00f3sitos e planos originais? Sabemos que quando Deus criou&hellip;<\/p>\n","protected":false},"featured_media":346964,"comment_status":"open","ping_status":"closed","template":"","meta":[],"product_cat":[134,137],"product_tag":[],"_links":{"self":[{"href":"https:\/\/www.livrariarema.com.br\/loja\/wp-json\/wp\/v2\/product\/51743"}],"collection":[{"href":"https:\/\/www.livrariarema.com.br\/loja\/wp-json\/wp\/v2\/product"}],"about":[{"href":"https:\/\/www.livrariarema.com.br\/loja\/wp-json\/wp\/v2\/types\/product"}],"replies":[{"embeddable":true,"href":"https:\/\/www.livrariarema.com.br\/loja\/wp-json\/wp\/v2\/comments?post=51743"}],"wp:featuredmedia":[{"embeddable":true,"href":"https:\/\/www.livrariarema.com.br\/loja\/wp-json\/wp\/v2\/media\/346964"}],"wp:attachment":[{"href":"https:\/\/www.livrariarema.com.br\/loja\/wp-json\/wp\/v2\/media?parent=51743"}],"wp:term":[{"taxonomy":"product_cat","embeddable":true,"href":"https:\/\/www.livrariarema.com.br\/loja\/wp-json\/wp\/v2\/product_cat?post=51743"},{"taxonomy":"product_tag","embeddable":true,"href":"https:\/\/www.livrariarema.com.br\/loja\/wp-json\/wp\/v2\/product_tag?post=51743"}],"curies":[{"name":"wp","href":"https:\/\/api.w.org\/{rel}","templated":true}]}}